{"id":237,"date":"2020-04-10T16:48:41","date_gmt":"2020-04-10T16:48:41","guid":{"rendered":"http:\/\/yogaparla.es\/?page_id=237"},"modified":"2026-02-24T16:06:37","modified_gmt":"2026-02-24T16:06:37","slug":"intensivos-de-yoga","status":"publish","type":"page","link":"https:\/\/yogaparla.es\/?page_id=237","title":{"rendered":"Intensivos de Yoga"},"content":{"rendered":"\n<figure class=\"wp-block-image size-large is-resized\"><img loading=\"lazy\" decoding=\"async\" width=\"1024\" height=\"682\" src=\"https:\/\/yogaparla.es\/wp-content\/uploads\/2024\/03\/WhatsApp-Image-2024-03-22-at-10.43.41-3-1024x682.jpeg\" alt=\"\" class=\"wp-image-2191\" style=\"aspect-ratio:3\/2;object-fit:cover;width:768px\" srcset=\"https:\/\/yogaparla.es\/wp-content\/uploads\/2024\/03\/WhatsApp-Image-2024-03-22-at-10.43.41-3-1024x682.jpeg 1024w, https:\/\/yogaparla.es\/wp-content\/uploads\/2024\/03\/WhatsApp-Image-2024-03-22-at-10.43.41-3-300x200.jpeg 300w, https:\/\/yogaparla.es\/wp-content\/uploads\/2024\/03\/WhatsApp-Image-2024-03-22-at-10.43.41-3-768x512.jpeg 768w, https:\/\/yogaparla.es\/wp-content\/uploads\/2024\/03\/WhatsApp-Image-2024-03-22-at-10.43.41-3-1536x1024.jpeg 1536w, https:\/\/yogaparla.es\/wp-content\/uploads\/2024\/03\/WhatsApp-Image-2024-03-22-at-10.43.41-3-1320x880.jpeg 1320w, https:\/\/yogaparla.es\/wp-content\/uploads\/2024\/03\/WhatsApp-Image-2024-03-22-at-10.43.41-3.jpeg 1688w\" sizes=\"auto, (max-width: 767px) 89vw, (max-width: 1000px) 54vw, (max-width: 1071px) 543px, 580px\" \/><\/figure>\n\n\n\n<p>A lo largo del a\u00f1o, realizamos sesiones en formato \u00abIntensivo\u00bb, las cuales dedicamos a <strong>profundizar en conceptos espec\u00edficos de la pr\u00e1ctica<\/strong>. Tenemos dos modalidades:<\/p>\n\n\n\n<ul class=\"wp-block-list\">\n<li><em><strong>Ma\u00f1anas de yoga<\/strong><\/em>. Tiene una duraci\u00f3n de 3.5 horas en horario de 9.30 a 13 horas y se imparte en las instalaciones de Centro Mushin.<\/li>\n\n\n\n<li><strong>Intensivo de Verano.<\/strong> 4 d\u00edas de pr\u00e1ctica en formato intensivo en horario de 8 a 14.30 horas y se imparte en las instalaciones de Centro Mushin.<\/li>\n\n\n\n<li><em><strong>Fin de semana de yoga<\/strong> (No programado en estos momentos).<\/em> Consiste en un fin de semana de profundizaci\u00f3n en un espacio en la Comunidad de Madrid o un lugar cercano. A continuaci\u00f3n detallamos el programa:\n<ul class=\"wp-block-list\">\n<li>Entrada: viernes (tarde). Salida: domingo (despu\u00e9s de la comida).<\/li>\n\n\n\n<li>Alojamiento: habitaci\u00f3n individual con ba\u00f1o privado en r\u00e9gimen de Pensi\u00f3n completa (men\u00fa vegetariano). Incluye la cena del viernes y la comida del domingo.<\/li>\n\n\n\n<li>Pr\u00e1ctica: se profundiza en asana (s\u00e1bado por la ma\u00f1ana y tarde, domingo por la ma\u00f1ana) y pranayama (s\u00e1bado y domingo por la ma\u00f1ana).<\/li>\n<\/ul>\n<\/li>\n<\/ul>\n\n\n\n<h2 class=\"wp-block-heading\">FECHAS MA\u00d1ANAS DE YOGA 2025\/26:<\/h2>\n\n\n\n<div class=\"wp-block-columns is-layout-flex wp-container-core-columns-is-layout-9d6595d7 wp-block-columns-is-layout-flex\">\n<div class=\"wp-block-column is-layout-flow wp-block-column-is-layout-flow\" style=\"flex-basis:100%\">\n<div class=\"wp-block-columns is-layout-flex wp-container-core-columns-is-layout-9d6595d7 wp-block-columns-is-layout-flex\">\n<div class=\"wp-block-column is-layout-flow wp-block-column-is-layout-flow\" style=\"flex-basis:100%\">\n<div class=\"wp-block-columns is-layout-flex wp-container-core-columns-is-layout-9d6595d7 wp-block-columns-is-layout-flex\">\n<div class=\"wp-block-column is-layout-flow wp-block-column-is-layout-flow\" style=\"flex-basis:50%\">\n<figure class=\"wp-block-table is-style-stripes\"><table class=\"has-fixed-layout\"><thead><tr><th><mark style=\"background-color:rgba(0, 0, 0, 0)\" class=\"has-inline-color has-vivid-purple-color\">Domingo 14 de diciembre de 2025<\/mark><\/th><\/tr><\/thead><tbody><tr><td><strong><em><strong><em><mark style=\"background-color:rgba(0, 0, 0, 0)\" class=\"has-inline-color has-vivid-purple-color\">De 9.30 a 13 horas<\/mark><\/em><\/strong><\/em><\/strong><\/td><\/tr><tr><td><mark style=\"background-color:rgba(0, 0, 0, 0)\" class=\"has-inline-color has-vivid-purple-color\">Sesi\u00f3n dirigida a practicantes de nivel 2 \u00f3 superior.<\/mark><strong><mark style=\"background-color:rgba(0, 0, 0, 0)\" class=\"has-inline-color has-luminous-vivid-amber-color\"><\/mark><\/strong><\/td><\/tr><tr><td><strong><strong><mark style=\"background-color:rgba(0, 0, 0, 0)\" class=\"has-inline-color has-vivid-purple-color\">35 euros<\/mark><\/strong><\/strong><\/td><\/tr><\/tbody><\/table><figcaption class=\"wp-element-caption\">IVA incluido<\/figcaption><\/figure>\n<\/div>\n\n\n\n<div class=\"wp-block-column is-style-stripes is-layout-flow wp-block-column-is-layout-flow\" style=\"flex-basis:50%\">\n<figure class=\"wp-block-table is-style-stripes\"><table class=\"has-fixed-layout\"><thead><tr><th><mark style=\"background-color:rgba(0, 0, 0, 0)\" class=\"has-inline-color has-vivid-purple-color\">Domingo 19 de abril de 2026<\/mark><\/th><\/tr><\/thead><tbody><tr><td><strong><em><strong><em><mark style=\"background-color:rgba(0, 0, 0, 0)\" class=\"has-inline-color has-vivid-purple-color\">De 9.30 a 13 horas<\/mark><\/em><\/strong><\/em><\/strong><\/td><\/tr><tr><td><mark style=\"background-color:rgba(0, 0, 0, 0)\" class=\"has-inline-color has-vivid-purple-color\">Sesi\u00f3n dirigida a practicantes de nivel 2 \u00f3 superior.<\/mark><\/td><\/tr><tr><td><strong><strong><mark style=\"background-color:rgba(0, 0, 0, 0)\" class=\"has-inline-color has-vivid-purple-color\">35 euros<\/mark><\/strong><\/strong><\/td><\/tr><\/tbody><\/table><figcaption class=\"wp-element-caption\">IVA incluido<\/figcaption><\/figure>\n<\/div>\n<\/div>\n<\/div>\n<\/div>\n<\/div>\n<\/div>\n\n\n\n<h2 class=\"wp-block-heading\">FECHAS DEL PR\u00d3XIMO INTENSIVO DE YOGA:<\/h2>\n\n\n\n<div class=\"wp-block-columns is-layout-flex wp-container-core-columns-is-layout-9d6595d7 wp-block-columns-is-layout-flex\">\n<div class=\"wp-block-column is-layout-flow wp-block-column-is-layout-flow\">\n<figure class=\"wp-block-table is-style-stripes\"><table class=\"has-fixed-layout\"><thead><tr><th><mark style=\"background-color:rgba(0, 0, 0, 0)\" class=\"has-inline-color has-vivid-purple-color\">Del Mar. 28\/07 al Vie. 31\/07 de 2026<\/mark><\/th><\/tr><\/thead><tbody><tr><td><strong><em><strong><em><mark style=\"background-color:rgba(0, 0, 0, 0)\" class=\"has-inline-color has-vivid-purple-color\">De 8 a 14.30 horas<\/mark><\/em><\/strong><\/em><\/strong><\/td><\/tr><tr><td><mark style=\"background-color:rgba(0, 0, 0, 0)\" class=\"has-inline-color has-vivid-purple-color\">Curso intensivo de 4 d\u00edas de pr\u00e1ctica dirigida a los practicantes que hayan superado el nivel 1 o est\u00e9n en alguno superior.<\/mark><strong><mark style=\"background-color:rgba(0, 0, 0, 0)\" class=\"has-inline-color has-luminous-vivid-amber-color\"><\/mark><\/strong><\/td><\/tr><tr><td><strong><strong><mark style=\"background-color:rgba(0, 0, 0, 0)\" class=\"has-inline-color has-vivid-purple-color\">160 euros<\/mark><\/strong><\/strong><\/td><\/tr><\/tbody><\/table><figcaption class=\"wp-element-caption\">IVA incluido<\/figcaption><\/figure>\n<\/div>\n\n\n\n<div class=\"wp-block-column is-layout-flow wp-block-column-is-layout-flow\"><\/div>\n<\/div>\n\n\n\n<p>Los <strong>practicantes de otras escuelas<\/strong> que est\u00e9n interesados en asistir a los intensivos de Yoga pueden ponerse en contacto con nosotros escribi\u00e9ndonos a <a href=\"mailto:info@centromushin.es\">info@centromushin.es<\/a>.<\/p>\n\n\n\n<hr class=\"wp-block-separator has-css-opacity is-style-wide\"\/>\n\n\n\n<p class=\"has-text-align-center\">Si tienes cualquier consulta, puedes ponerte en <strong>contacto<\/strong> con nosotros escribi\u00e9ndonos al email <strong><a rel=\"noreferrer noopener\" href=\"mailto:info@centromushin.es\" target=\"_blank\">info@centromushin.es<\/a><\/strong>, llamando al tel\u00e9fono <strong>+34 91 014 50 52<\/strong> o rellenando el <strong><a href=\"https:\/\/yogaparla.es\/?page_id=142\" data-type=\"page\" data-id=\"142\">formulario de contacto<\/a><\/strong>.<\/p>\n\n\n\n<div class=\"wp-block-columns is-layout-flex wp-container-core-columns-is-layout-9d6595d7 wp-block-columns-is-layout-flex\">\n<div class=\"wp-block-column is-layout-flow wp-block-column-is-layout-flow\">\n<div class=\"wp-block-buttons is-horizontal is-content-justification-left is-layout-flex wp-container-core-buttons-is-layout-7e5fce0a wp-block-buttons-is-layout-flex\">\n<div class=\"wp-block-button is-style-outline is-style-outline--2\"><a class=\"wp-block-button__link no-border-radius wp-element-button\" href=\"https:\/\/yogaparla.es\/?page_id=155\">Clases<\/a><\/div>\n<\/div>\n<\/div>\n\n\n\n<div class=\"wp-block-column is-layout-flow wp-block-column-is-layout-flow\">\n<div class=\"wp-block-buttons is-horizontal is-content-justification-left is-layout-flex wp-container-core-buttons-is-layout-7e5fce0a wp-block-buttons-is-layout-flex\">\n<div class=\"wp-block-button is-style-outline is-style-outline--3\"><a class=\"wp-block-button__link no-border-radius wp-element-button\" href=\"https:\/\/yogaparla.es\/?page_id=247\">Meditaci\u00f3n<\/a><\/div>\n<\/div>\n<\/div>\n\n\n\n<div class=\"wp-block-column is-layout-flow wp-block-column-is-layout-flow\">\n<div class=\"wp-block-buttons is-horizontal is-content-justification-left is-layout-flex wp-container-core-buttons-is-layout-7e5fce0a wp-block-buttons-is-layout-flex\">\n<div class=\"wp-block-button is-style-outline is-style-outline--4\"><a class=\"wp-block-button__link no-border-radius wp-element-button\" href=\"https:\/\/yogaparla.es\/?page_id=152\">M\u00e9todo de ense\u00f1anza<\/a><\/div>\n<\/div>\n<\/div>\n<\/div>\n","protected":false},"excerpt":{"rendered":"<p>A lo largo del a\u00f1o, realizamos sesiones en formato \u00abIntensivo\u00bb, las cuales dedicamos a profundizar en conceptos espec\u00edficos de la pr\u00e1ctica. Tenemos dos modalidades: FECHAS MA\u00d1ANAS DE YOGA 2025\/26: Domingo 14 de diciembre de 2025 De 9.30 a 13 horas Sesi\u00f3n dirigida a practicantes de nivel 2 \u00f3 superior. 35 euros IVA incluido Domingo 19 &hellip; <\/p>\n<p class=\"link-more\"><a href=\"https:\/\/yogaparla.es\/?page_id=237\" class=\"more-link\">Continuar leyendo<span class=\"screen-reader-text\"> \u00abIntensivos de Yoga\u00bb<\/span><\/a><\/p>\n","protected":false},"author":1,"featured_media":0,"parent":0,"menu_order":0,"comment_status":"closed","ping_status":"closed","template":"","meta":{"footnotes":""},"class_list":["post-237","page","type-page","status-publish","hentry"],"_links":{"self":[{"href":"https:\/\/yogaparla.es\/index.php?rest_route=\/wp\/v2\/pages\/237","targetHints":{"allow":["GET"]}}],"collection":[{"href":"https:\/\/yogaparla.es\/index.php?rest_route=\/wp\/v2\/pages"}],"about":[{"href":"https:\/\/yogaparla.es\/index.php?rest_route=\/wp\/v2\/types\/page"}],"author":[{"embeddable":true,"href":"https:\/\/yogaparla.es\/index.php?rest_route=\/wp\/v2\/users\/1"}],"replies":[{"embeddable":true,"href":"https:\/\/yogaparla.es\/index.php?rest_route=%2Fwp%2Fv2%2Fcomments&post=237"}],"version-history":[{"count":70,"href":"https:\/\/yogaparla.es\/index.php?rest_route=\/wp\/v2\/pages\/237\/revisions"}],"predecessor-version":[{"id":2720,"href":"https:\/\/yogaparla.es\/index.php?rest_route=\/wp\/v2\/pages\/237\/revisions\/2720"}],"wp:attachment":[{"href":"https:\/\/yogaparla.es\/index.php?rest_route=%2Fwp%2Fv2%2Fmedia&parent=237"}],"curies":[{"name":"wp","href":"https:\/\/api.w.org\/{rel}","templated":true}]}}